{"id":8,"date":"2016-07-20T13:51:29","date_gmt":"2016-07-20T11:51:29","guid":{"rendered":"http:\/\/ida.rwth-aachen.de\/?page_id=8"},"modified":"2024-07-03T19:28:49","modified_gmt":"2024-07-03T17:28:49","slug":"veranstalter","status":"publish","type":"page","link":"https:\/\/ida.rwth-aachen.de\/?page_id=8","title":{"rendered":"ARCHIV: Veranstaltende 202"},"content":{"rendered":"<div class=\"wp-block-image wp-image-1937\">\n<figure class=\"alignleft is-resized\"><img loading=\"lazy\" decoding=\"async\" width=\"400\" height=\"600\" src=\"http:\/\/ida.rwth-aachen.de\/wp-content\/uploads\/2016\/07\/hns_18-400x600.jpg\" alt=\"Portrait Hartwig Schneider\" class=\"wp-image-1937\" style=\"width:200px;height:300px\" srcset=\"https:\/\/ida.rwth-aachen.de\/wp-content\/uploads\/2016\/07\/hns_18-400x600.jpg 400w, https:\/\/ida.rwth-aachen.de\/wp-content\/uploads\/2016\/07\/hns_18.jpg 722w\" sizes=\"auto, (max-width: 400px) 100vw, 400px\" \/><figcaption class=\"wp-element-caption\">Hartwig Schneider<br>\u00a9 Ivo Mayr<\/figcaption><\/figure>\n<\/div>\n\n\n<p>Hartwig Schneider<\/p>\n\n\n\n<p><em>Mitveranstalter von 2017 bis 2022 <\/em><br>Ausgaben:<em> <\/em><a href=\"https:\/\/ida.rwth-aachen.de\/?page_id=1438\">Ort<\/a>, <a href=\"https:\/\/ida.rwth-aachen.de\/?page_id=2321\">Material<\/a>, <a href=\"https:\/\/ida.rwth-aachen.de\/?page_id=2934\">Funktion<\/a>, <a href=\"https:\/\/ida.rwth-aachen.de\/?page_id=3473\">Konstruktion<\/a>, <a href=\"https:\/\/ida.rwth-aachen.de\/?page_id=3845\">INTERMEZZO<\/a> und <a href=\"https:\/\/ida.rwth-aachen.de\/?page_id=4391\">Raum<\/a><\/p>\n\n\n\n<p>*1957 in Stuttgart, studierte Architektur an der&nbsp;Universit\u00e4t Stuttgart und am IIT Chicago. Nach anschlie\u00dfender&nbsp;Mitarbeit bei Prof. Peter C. von Seidlein und Norman Foster gr\u00fcndete&nbsp;er 1989 gemeinsam mit Gabriele Schneider ein eigenes Architekturb\u00fcro in Stuttgart. 1991 bis 1994 war er Lehrbeauftragter an der Universit\u00e4t Stuttgart und erhielt 1998 den&nbsp;Ruf als Universit\u00e4tsprofessor an die TU Berlin, Lehrstuhl f\u00fcr Geb\u00e4udetechnik und Entwerfen. Seit 1999 ist er Universit\u00e4tsprofessor&nbsp;an der RWTH Aachen am Lehrstuhl Baukonstruktion.<\/p>\n\n\n\n<div style=\"height:0px\" aria-hidden=\"true\" class=\"wp-block-spacer\"><\/div>\n\n\n<div class=\"wp-block-image wp-image-1613\">\n<figure class=\"alignleft is-resized\"><img loading=\"lazy\" decoding=\"async\" width=\"854\" height=\"1280\" src=\"http:\/\/ida.rwth-aachen.de\/wp-content\/uploads\/2016\/07\/schroeder_18_sw.jpg\" alt=\"Uwe Schr\u00f6der Portrait\" class=\"wp-image-1613\" style=\"width:200px;height:300px\" srcset=\"https:\/\/ida.rwth-aachen.de\/wp-content\/uploads\/2016\/07\/schroeder_18_sw.jpg 854w, https:\/\/ida.rwth-aachen.de\/wp-content\/uploads\/2016\/07\/schroeder_18_sw-400x600.jpg 400w, https:\/\/ida.rwth-aachen.de\/wp-content\/uploads\/2016\/07\/schroeder_18_sw-768x1151.jpg 768w\" sizes=\"auto, (max-width: 854px) 100vw, 854px\" \/><figcaption class=\"wp-element-caption\">Uwe Schr\u00f6der<br>\u00a9 Behrend &amp; Rausch<\/figcaption><\/figure>\n<\/div>\n\n\n<p>Uwe Schr\u00f6der<\/p>\n\n\n\n<p>*1964 in Bonn, studierte Architektur an der Rheinisch-Westf\u00e4lischen Technischen Hochschule Aachen und an der Kunstakademie D\u00fcsseldorf. Seit 1993 unterh\u00e4lt er ein eigenes B\u00fcro in Bonn. Nach Lehrauftr\u00e4gen in Bochum und K\u00f6ln war er von 2004 bis 2008 Professor f\u00fcr Entwerfen und Architekturtheorie an der Fachhochschule K\u00f6ln, seit 2008 ist er Professor am Lehr- und Forschungsgebiet Raumgestaltung an der RWTH Aachen University. Als Gastprofessor lehrte er an der Universit\u00e0 di Bologna (2009-2010), an der Universit\u00e0 degli Studi di Napoli \u201eFederico II\u201c (2016), am Politecnico di Bari (2016), an der Universit\u00e0 degli Studi di Catania (2018), am Politecnico di Milano (2019) und an der Universit\u00e0 di Parma (2020-2021).<\/p>\n\n\n\n<div style=\"height:10px\" aria-hidden=\"true\" class=\"wp-block-spacer\"><\/div>\n\n\n<div class=\"wp-block-image wp-image-3096\">\n<figure class=\"alignleft is-resized\"><img loading=\"lazy\" decoding=\"async\" width=\"400\" height=\"600\" src=\"http:\/\/ida.rwth-aachen.de\/wp-content\/uploads\/2019\/11\/skommer_2-400x600.jpg\" alt=\"\" class=\"wp-image-3096\" style=\"width:200px;height:300px\" srcset=\"https:\/\/ida.rwth-aachen.de\/wp-content\/uploads\/2019\/11\/skommer_2-400x600.jpg 400w, https:\/\/ida.rwth-aachen.de\/wp-content\/uploads\/2019\/11\/skommer_2.jpg 727w\" sizes=\"auto, (max-width: 400px) 100vw, 400px\" \/><figcaption class=\"wp-element-caption\">Sonja Kommer <br>\u00a9 Ivo Mayr<\/figcaption><\/figure>\n<\/div>\n\n\n<p>Sonja Kommer<\/p>\n\n\n\n<p>*1972 in W\u00fcrselen, Industriekauffrau. Von 2012 bis 2014 als Redaktionsassistentin f\u00fcr die Lokalzeit Aachen und im WDR Studio K\u00f6ln t\u00e4tig. Im Anschluss als Studioleitungssekret\u00e4rin im WDR Studio Aachen besch\u00e4ftigt. Seit November 2016 als Sekret\u00e4rin im Lehrstuhl Baukonstruktion und seit Februar 2017 zus\u00e4tzlich im Lehr-und Forschungsgebiet Raumgestaltung.<br>Seit der 1. Aachener Tagung <a href=\"https:\/\/www.facebook.com\/profile.php?id=100014549269229&amp;__tn__=%2CdK%2AF-R&amp;eid=ARAqkansj5-mYtz2xDP8ci8qMa3VolYcmIV1PdnCEZynxY1lupAblelDzyOn_HLisWTbJ5a4ziCl-9BH\">Identit\u00e4t der Architektur<\/a> f\u00fcr den kaufm\u00e4nnischen Ablauf zust\u00e4ndig.<\/p>\n\n\n\n<p>\u2013&nbsp;Sekretariat<\/p>\n\n\n\n<div style=\"height:10px\" aria-hidden=\"true\" class=\"wp-block-spacer\"><\/div>\n\n\n\n<p>Johannes B\u00fcge<\/p>\n\n\n\n<p>*1996\u00a0in Braunschweig; 2015 Abitur;\u00a02015-2020\u00a0Bachelorstudium\u00a0der Architektur an der Hochschule Bochum;\u00a02018-2019 studentische Mitarbeit im Praktikum bei Uwe Schr\u00f6der Architekt, Bonn; 2020\u00a0Bachelor of Science, B.Sc.;\u00a02020-2023 Masterstudium\u00a0der Architektur an der Technischen Universit\u00e4t M\u00fcnchen; 2020-2023 Wohn- und Programmstipendium\u00a0der Exzellenzf\u00f6rderung der Stiftung Bayerisches\u00a0Baugewerbe, Aufenthalt im Oskar von Miller Forum, M\u00fcnchen;\u00a02023\u00a0Master of Arts, M.A. (TUM), Masterarbeit mit Auszeichnung bestanden; 2023-2024\u00a0Lehrauftrag f\u00fcr &#8222;Einf\u00fchren in das Entwerfen&#8220;\u00a0am Lehr- und Forschungsgebiet Raumgestaltung der Fakult\u00e4t Architektur an der RWTH Aachen; seit\u00a02024 wissenschaftlicher Mitarbeiter am Lehr-und Forschungsgebiet Raumgestaltung\u00a0der Fakult\u00e4t Architektur an der RWTH Aachen<\/p>\n\n\n\n<p>\u2013 Wissenschaftliche Mitarbeit<\/p>\n\n\n\n<div style=\"height:10px\" aria-hidden=\"true\" class=\"wp-block-spacer\"><\/div>\n\n\n<div class=\"wp-block-image wp-image-1018\">\n<figure class=\"alignleft is-resized\"><img loading=\"lazy\" decoding=\"async\" width=\"400\" height=\"600\" src=\"http:\/\/ida.rwth-aachen.de\/wp-content\/uploads\/2016\/07\/rupprecht-reinke_sw.jpg\" alt=\"Susanne Rupprecht-Reinke\" class=\"wp-image-1018\" style=\"width:200px;height:300px\"\/><figcaption class=\"wp-element-caption\">Susanne Rupprecht-Reinke<br>\u00a9 privat<\/figcaption><\/figure>\n<\/div>\n\n\n<p>Susanne Rupprecht-Reinke<\/p>\n\n\n\n<p>*1958 in Kiel, studierte Architektur an der RWTH Aachen.&nbsp;W\u00e4hrend des Studiums arbeitete sie u.a. f\u00fcr gmp-Architekten in Hamburg, nach dem Diplom 1987 f\u00fcr Gottfried B\u00f6hm in K\u00f6ln. Seit 1990 ist sie&nbsp;Wissenschaftliche Mitarbeiterin an der Architekturfakult\u00e4t der RWTH Aachen, bis 2006 am Lehrstuhl f\u00fcr Stadtbereichsplanung und Werklehre bei Prof. Volkwin Marg, seit 2006 am Lehr- und Forschungsgebiet Raumgestaltung, zun\u00e4chst bei Prof. Ulrich Coersmeier und seit 2008 bei Prof. Uwe Schr\u00f6der.&nbsp;Daneben arbeitet sie selbst\u00e4ndig als Architektin.<\/p>\n\n\n\n<p>\u2013 Wissenschaftliche Mitarbeit, F\u00f6rderung<\/p>\n\n\n\n<div style=\"height:10px\" aria-hidden=\"true\" class=\"wp-block-spacer\"><\/div>\n\n\n<div class=\"wp-block-image wp-image-3009\">\n<figure class=\"alignleft size-full is-resized\"><img loading=\"lazy\" decoding=\"async\" width=\"200\" height=\"300\" src=\"https:\/\/ida.rwth-aachen.de\/wp-content\/uploads\/2024\/07\/RG_Janis.Matthies-1.png\" alt=\"\" class=\"wp-image-5092\" style=\"width:200px;height:300px\"\/><figcaption class=\"wp-element-caption\">Janis Matthies<br>\u00a9 Studiolab, RWTH Aachen<\/figcaption><\/figure>\n<\/div>\n\n\n<p>Janis Matthies<\/p>\n\n\n\n<p>*2003 in Br\u00fcssel; Seit 2022 Studium der Architektur an der RWTH Aachen;<br>Seit 2023 studentische Mitarbeit im Lehr- und Forschungsgebiet Raumgestaltung, <br>RWTH Aachen, Prof. Uwe Schr\u00f6der<\/p>\n\n\n\n<p>\u2013 Studentische Mitarbeit, Technik, Online<\/p>\n\n\n\n<p><\/p>\n\n\n\n<div style=\"height:10px\" aria-hidden=\"true\" class=\"wp-block-spacer\"><\/div>\n\n\n<div class=\"wp-block-image wp-image-1935\">\n<figure class=\"alignleft size-large is-resized\"><img loading=\"lazy\" decoding=\"async\" width=\"400\" height=\"600\" src=\"https:\/\/ida.rwth-aachen.de\/wp-content\/uploads\/2023\/05\/TebrokeFrank-400x600.jpg\" alt=\"\" class=\"wp-image-4443\" style=\"width:200px;height:300px\" srcset=\"https:\/\/ida.rwth-aachen.de\/wp-content\/uploads\/2023\/05\/TebrokeFrank-400x600.jpg 400w, https:\/\/ida.rwth-aachen.de\/wp-content\/uploads\/2023\/05\/TebrokeFrank-768x1152.jpg 768w, https:\/\/ida.rwth-aachen.de\/wp-content\/uploads\/2023\/05\/TebrokeFrank-1024x1536.jpg 1024w, https:\/\/ida.rwth-aachen.de\/wp-content\/uploads\/2023\/05\/TebrokeFrank-1366x2048.jpg 1366w, https:\/\/ida.rwth-aachen.de\/wp-content\/uploads\/2023\/05\/TebrokeFrank-scaled.jpg 1707w\" sizes=\"auto, (max-width: 400px) 100vw, 400px\" \/><figcaption class=\"wp-element-caption\">Frank Tebroke<br>\u00a9 Ivo Mayr<\/figcaption><\/figure>\n<\/div>\n\n\n<p>Frank Tebroke<\/p>\n\n\n\n<p>*1966 in Rhede; 1986-1993&nbsp;Studium der Architektur, RWTH Aachen und IUAV Venedig, Diplom mit Auszeichnung; u.a. Mitarbeit im B\u00fcro Gottfried B\u00f6hm, K\u00f6ln; 1993-1995&nbsp;B\u00fcro Prof. Coersmeier und Lehrgebiet Innenraumgestaltung, RWTH Aachen, Prof. Coersmeier;&nbsp;1995-1998&nbsp;Thiess Marwede + Bruno Vennes, K\u00f6ln;&nbsp;1997ff.&nbsp;Lehrgebiet Bau- und Raumgestaltung der RWTH Aachen, Prof. Coersmeier;&nbsp;seit 1998 selbstst\u00e4ndige T\u00e4tigkeit als Architekt, u.a. Thiess Marwede + Frank Tebroke Architekten BDA, K\u00f6ln; frank tebroke architekturen BDA, K\u00f6ln; Coersmeier Tebroke Architektur GmbH, K\u00f6ln; 2008ff.&nbsp;Lehr- und Forschungsgebiet Raumgestaltung, RWTH Aachen, Prof. Uwe Schr\u00f6der;&nbsp;2021ff.&nbsp;kloeters tebroke partgmbb | innen | architektur, Aachen\/K\u00f6ln<\/p>\n\n\n\n<p>\u2013 Wissenschaftliche Mitarbeit, Sponsoring<\/p>\n\n\n\n<div style=\"height:10px\" aria-hidden=\"true\" class=\"wp-block-spacer\"><\/div>\n\n\n\n<p>Ein gro\u00dfer Dank geht an die Mitarbeiter des <a href=\"https:\/\/bauko.arch.rwth-aachen.de\/pcms\/\">Lehrstuhls Baukonstruktion<\/a> f\u00fcr die Mitarbeit an den Tagungen von 2017 bis 2022 zu den Themen<em> <\/em><a href=\"https:\/\/ida.rwth-aachen.de\/?page_id=1438\">Ort<\/a>, <a href=\"https:\/\/ida.rwth-aachen.de\/?page_id=2321\">Material<\/a>, <a href=\"https:\/\/ida.rwth-aachen.de\/?page_id=2934\">Funktion<\/a>, <a href=\"https:\/\/ida.rwth-aachen.de\/?page_id=3473\">Konstruktion<\/a>, <a href=\"https:\/\/ida.rwth-aachen.de\/?page_id=3845\">INTERMEZZO<\/a> und <a href=\"https:\/\/ida.rwth-aachen.de\/?page_id=4391\">Raum<\/a>:<br><br>Roman Kr\u00fckel &#8211; Wissenschaftliche Mitarbeit, Technik, Online<br>Christian Sch\u00e4tzke &#8211; Wissenschaftliche Mitarbeit, Technik, Sponsoring<br>Sophie Schulten &#8211; Wissenschaftliche Mitarbeit, Presse<\/p>\n\n\n\n<div style=\"height:10px\" aria-hidden=\"true\" class=\"wp-block-spacer\"><\/div>\n","protected":false},"excerpt":{"rendered":"<p>Hartwig Schneider Mitveranstalter von 2017 bis 2022 Ausgaben: Ort, Material, Funktion, Konstruktion, INTERMEZZO und Raum *1957 in Stuttgart, studierte Architektur an der&nbsp;Universit\u00e4t Stuttgart und am IIT Chicago. Nach anschlie\u00dfender&nbsp;Mitarbeit bei Prof. Peter C. von Seidlein und Norman Foster gr\u00fcndete&nbsp;er 1989 gemeinsam mit Gabriele Schneider ein eigenes Architekturb\u00fcro in Stuttgart. 1991 bis 1994 war er Lehrbeauftragter &hellip; <a href=\"https:\/\/ida.rwth-aachen.de\/?page_id=8\" class=\"more-link\">Continue reading <span class=\"screen-reader-text\">ARCHIV: Veranstaltende 202<\/span><\/a><\/p>\n","protected":false},"author":1,"featured_media":0,"parent":0,"menu_order":23,"comment_status":"closed","ping_status":"closed","template":"","meta":{"footnotes":""},"class_list":["post-8","page","type-page","status-publish","hentry"],"post_mailing_queue_ids":[],"_links":{"self":[{"href":"https:\/\/ida.rwth-aachen.de\/index.php?rest_route=\/wp\/v2\/pages\/8","targetHints":{"allow":["GET"]}}],"collection":[{"href":"https:\/\/ida.rwth-aachen.de\/index.php?rest_route=\/wp\/v2\/pages"}],"about":[{"href":"https:\/\/ida.rwth-aachen.de\/index.php?rest_route=\/wp\/v2\/types\/page"}],"author":[{"embeddable":true,"href":"https:\/\/ida.rwth-aachen.de\/index.php?rest_route=\/wp\/v2\/users\/1"}],"replies":[{"embeddable":true,"href":"https:\/\/ida.rwth-aachen.de\/index.php?rest_route=%2Fwp%2Fv2%2Fcomments&post=8"}],"version-history":[{"count":156,"href":"https:\/\/ida.rwth-aachen.de\/index.php?rest_route=\/wp\/v2\/pages\/8\/revisions"}],"predecessor-version":[{"id":5154,"href":"https:\/\/ida.rwth-aachen.de\/index.php?rest_route=\/wp\/v2\/pages\/8\/revisions\/5154"}],"wp:attachment":[{"href":"https:\/\/ida.rwth-aachen.de\/index.php?rest_route=%2Fwp%2Fv2%2Fmedia&parent=8"}],"curies":[{"name":"wp","href":"https:\/\/api.w.org\/{rel}","templated":true}]}}